{"id":7,"date":"2012-02-12T04:11:33","date_gmt":"2012-02-12T04:11:33","guid":{"rendered":"http:\/\/www.colef.net\/eder\/?page_id=7"},"modified":"2017-03-21T18:26:42","modified_gmt":"2017-03-21T18:26:42","slug":"publicaciones","status":"publish","type":"page","link":"https:\/\/www.colef.mx\/eder\/?page_id=7","title":{"rendered":"PUBLICACIONES"},"content":{"rendered":"<h2>Cambio demogr\u00e1fico y social en el M\u00e9xico del siglo XX. Una perspectiva de historias de vida<\/h2>\n<h3>Autores: Marie Laure Coub\u00e8s, Mar\u00eda Eugenia Zavala de Cos\u00edo y  Ren\u00e9 Zenteno<\/h3>\n<p>La publicaci\u00f3n de este libro tiene un doble prop\u00f3sito. Primero, dar a conocer los resultados de la Encuesta Demogr\u00e1fica Retrowp_ederectiva (EDER) a trav\u00e9s de la difusi\u00f3n de un conjunto diverso de investigaciones elaboradas por soci\u00f3logos y dem\u00f3grafos de M\u00e9xico, Francia y Estados Unidos. La EDER fue, en 1998, la primera encuesta en recolectar historias de vida de una muestra representativa de hombres y mujeres residentes en todo el territorio nacional. Los datos sobre antecedentes familiares, transiciones y trayectorias demogr\u00e1ficas captados por el cuestionario de esta encuesta, conciernen a la historia individual de las generaciones de mexicanos nacidas en 1936-1938, 1951-1953 y 1966-1968, y sobrevivientes al momento de la encuesta. Cada una de estas generaciones, como se ver\u00e1 m\u00e1s adelante, pertenecen a periodos distintivos de la historia moderna del pa\u00eds. Los diferentes cap\u00edtulos del libro rewp_ederonden a la invitaci\u00f3n que los rewp_ederonsables de la encuesta hicimos a varios investigadores para que analizaran, con datos de la EDER, hip\u00f3tesis de investigaci\u00f3n que no hab\u00edan podido abordar anteriormente con informaci\u00f3n de censos, encuestas de hogares de corte transversal o estad\u00edsticas vitales.<\/p>\n<p>El segundo prop\u00f3sito es revitalizar el an\u00e1lisis social y demogr\u00e1fico de las historias de vida en M\u00e9xico. Los trabajos que componen esta edici\u00f3n constituyen, de alguna manera, un reencuentro con investigaciones cl\u00e1sicas que iniciaron un nuevo derrotero de las ciencias sociales en M\u00e9xico: los estudios de migraci\u00f3n de Monterrey (1964) y la Ciudad de M\u00e9xico (1970). Estas investigaciones marcaron un hito al inyectar una mayor perwp_ederectiva sociol\u00f3gica a los estudios demogr\u00e1ficos e iniciar la tradici\u00f3n cient\u00edfica que hoy conocemos como socio-demograf\u00eda. Su principal inter\u00e9s fue capturar los procesos de cambio que dieron pie a una nueva estratificaci\u00f3n social en el pa\u00eds, impulsados principalmente por una acelerada industrializaci\u00f3n, la transformaci\u00f3n econ\u00f3mica y sociopol\u00edtica del campo mexicano, la migraci\u00f3n masiva rural-urbana, la expansi\u00f3n del sistema educativo mexicano, la ca\u00edda acelerada de la mortalidad, entre muchos otros condicionantes. Por diversas razones, la tradici\u00f3n iniciada por estos estudios fue pr\u00e1cticamente abandonada durante los a\u00f1os ochenta y parte de los noventa.<\/p>\n","protected":false},"excerpt":{"rendered":"<p>Cambio demogr\u00e1fico y social en el M\u00e9xico del siglo XX. Una perspectiva de historias de vida Autores: Marie Laure Coub\u00e8s, Mar\u00eda Eugenia Zavala de Cos\u00edo y Ren\u00e9 Zenteno La publicaci\u00f3n de este libro tiene un doble prop\u00f3sito. Primero, dar a conocer los resultados de la Encuesta Demogr\u00e1fica Retrowp_ederectiva (EDER) a trav\u00e9s de la difusi\u00f3n de [&hellip;]<\/p>\n","protected":false},"author":1,"featured_media":0,"parent":0,"menu_order":0,"comment_status":"open","ping_status":"open","template":"","meta":{"footnotes":""},"class_list":["post-7","page","type-page","status-publish","hentry"],"_links":{"self":[{"href":"https:\/\/www.colef.mx\/eder\/index.php?rest_route=\/wp\/v2\/pages\/7"}],"collection":[{"href":"https:\/\/www.colef.mx\/eder\/index.php?rest_route=\/wp\/v2\/pages"}],"about":[{"href":"https:\/\/www.colef.mx\/eder\/index.php?rest_route=\/wp\/v2\/types\/page"}],"author":[{"embeddable":true,"href":"https:\/\/www.colef.mx\/eder\/index.php?rest_route=\/wp\/v2\/users\/1"}],"replies":[{"embeddable":true,"href":"https:\/\/www.colef.mx\/eder\/index.php?rest_route=%2Fwp%2Fv2%2Fcomments&post=7"}],"version-history":[{"count":4,"href":"https:\/\/www.colef.mx\/eder\/index.php?rest_route=\/wp\/v2\/pages\/7\/revisions"}],"predecessor-version":[{"id":197,"href":"https:\/\/www.colef.mx\/eder\/index.php?rest_route=\/wp\/v2\/pages\/7\/revisions\/197"}],"wp:attachment":[{"href":"https:\/\/www.colef.mx\/eder\/index.php?rest_route=%2Fwp%2Fv2%2Fmedia&parent=7"}],"curies":[{"name":"wp","href":"https:\/\/api.w.org\/{rel}","templated":true}]}}