{"id":224,"date":"2013-10-09T11:06:04","date_gmt":"2013-10-09T18:06:04","guid":{"rendered":"http:\/\/www.colef.mx\/deap\/?page_id=224"},"modified":"2020-01-30T11:57:29","modified_gmt":"2020-01-30T19:57:29","slug":"jesus-rubio-campos","status":"publish","type":"page","link":"https:\/\/www.colef.mx\/deap\/?page_id=224","title":{"rendered":"Jes\u00fas Rubio Campos"},"content":{"rendered":"<h3><strong><span style=\"color: #800000;\">Profesor &#8211; Investigador del Departamento de Estudios de Administraci\u00f3n P\u00fablica.<\/span><\/strong><\/h3>\n<h3><strong><span style=\"color: #800000;\">Sede Monterrey, Nuevo Le\u00f3n.<\/span><\/strong><\/h3>\n<p><strong><a href=\"mailto:rubio@colef.mx\">rubio@colef.mx<\/a><\/strong><\/p>\n<p><span style=\"color: #333333;\">Es economista por la UANL. Obtuvo su maestr\u00eda en Administraci\u00f3n P\u00fablica y Pol\u00edticas P\u00fablicas y el doctorado en Pol\u00edticas Publicas por el Tecnol\u00f3gico de Monterrey. Adem\u00e1s, cuenta con un curso ejecutivo sobre pol\u00edtica energ\u00e9tica en la Universidad de Harvard. Es miembro del Sistema Nacional de Investigadores (SNI) Nivel I desde el 2012. Es profesor investigador de El Colef, adscrito al Departamento de Estudios en Administraci\u00f3n P\u00fablica.<\/span><\/p>\n<p><span style=\"color: #333333;\"><strong>Sus l\u00edneas de investigaci\u00f3n son la evaluaci\u00f3n de pol\u00edticas p\u00fablicas y los estudios sobre el trabajo.<\/strong><\/span><\/p>\n<p><span style=\"color: #333333;\">Ha sido evaluador internacional del seminario de tesis doctorales de la Universidad Externado de Colombia, brindado cursos sobre pol\u00edticas p\u00fablicas a miembros ej\u00e9rcito de Per\u00fa y en el 2019 obtuvo el primer lugar de documentos de propuestas de pol\u00edtica p\u00fablica por el Consejo Nuevo Le\u00f3n para la Planeaci\u00f3n Estrat\u00e9gica. Cuenta con una gran variedad de art\u00edculos publicados en revistas cient\u00edficas y cap\u00edtulos en libros. Ha asesorado m\u00faltiples tesis de grado y posgrado. Ha publicado y sido ponente en Argentina, Chile, Colombia, Espa\u00f1a, M\u00e9xico, Per\u00fa, Puerto Rico y Venezuela.<\/span><\/p>\n<p><span style=\"color: #333333;\">Participa en redes acad\u00e9micas tales como Asociaci\u00f3n Mexicana de Estudios del Trabajo (AMET) y la Asociaci\u00f3n Latinoamericana de Estudios del Trabajo (ALAST). Adem\u00e1s, ha asesorado al gobierno federal, estatales y municipal en temas de pol\u00edticas p\u00fablicas.<\/span><\/p>\n<p><span style=\"color: #333333;\">Algunas de sus publicaciones recientes son:<\/span><\/p>\n<p><span style=\"color: #333333;\">Rubio, Jes\u00fas (2019) Modelo para el aprendizaje de pol\u00edticas p\u00fablicas: el caso de la pol\u00edtica de transparencia en Coahuila. Revista Opera de la Universidad Exter-nado de Colombia. N\u00famero 25. julio \u2013 diciembre de 2019. ISSN 1657-8651 (im-preso). ISSN 2346-2159 (digital). pp. 187-212.\u00a0<\/span><\/p>\n<p><span style=\"color: #333333;\">Loa Aguirre, Estrella Denisse; Rubio Campos, Jes\u00fas (2019). Evaluaci\u00f3n del Se-guro de Desempleo en la Ciudad de M\u00e9xico. Revista Intersticios Sociales del Co-legio de Jalisco. A\u00f1o 9. N\u00famero 17. pp. 131-174.\u00a0 ISSN: 2007-4964.\u00a0<\/span><\/p>\n<p><span style=\"color: #333333;\">Rubio, Jes\u00fas (2017) Sindicalizaci\u00f3n y precariedad laboral en M\u00e9xico. Revista Regi\u00f3n y Sociedad de El Colegio de Sonora. Vol. 29. N\u00famero 68. Enero-Abril. ISNN: 1870-3925. M\u00e9xico. pp. 37-75.\u00a0<\/span><\/p>\n<p><span style=\"color: #333333;\">Rubio, Jes\u00fas; Ch\u00e1vez, M\u00f3nica; Rodr\u00edguez, H\u00e9ctor (2017) Significados, causas y efectos de la violencia social entre la juventud en Monterrey, Nuevo Le\u00f3n, M\u00e9xico. Revista Sociedad y Econom\u00eda. N\u00famero 32. Universidad del Valle. ISSN: 1657 76357. Cali, Colombia. pp. 85-106.\u00a0<\/span><\/p>\n<p><span style=\"color: #333333;\">Rubio, Jes\u00fas (2017) Propuesta de un modelo de an\u00e1lisis de estrategias de colaboraci\u00f3n sindical transfronteriza. Revista Estudios Fronterizos de la Universidad Aut\u00f3noma de Baja California (UABC). Vol. 18. Num. 37. M\u00e9xico. ISSN:2395-9134. pp. 103-130.\u00a0<\/span><\/p>\n<p><span style=\"color: #333333;\">Rubio, Jes\u00fas; Calzada, Marisol (2017) Modelo para el an\u00e1lisis de experiencias de innovaci\u00f3n p\u00fablica: El caso del Centro de Integraci\u00f3n Ciudadana de Nuevo Le\u00f3n, M\u00e9xico. Revista de Gesti\u00f3n P\u00fablica. Chile. ISSN: 0719-1839. Volumen VI, N\u00famero 1. pp. 145-166.<\/span><\/p>\n<p style=\"text-align: right;\"><a href=\"http:\/\/www.redalyc.org\/autor.oa?id=7014\" target=\"_blank\" rel=\"noopener\"><strong>Accesar a Redalyc<\/strong><\/a><\/p>\n<p style=\"text-align: right;\"><strong><a href=\"https:\/\/www.researchgate.net\/profile\/Jesus_Rubio_Campos2\" target=\"_blank\" rel=\"noopener\">Accesar a Research Gate<\/a><\/strong><\/p>\n<p style=\"text-align: right;\"><strong>\u00a0<a title=\"Jesus Rubio Campos\" href=\"http:\/\/www.colef.mx\/deap\/wp-content\/uploads\/2013\/10\/CV-JesusRC-Plataforma.pdf\" target=\"_blank\" rel=\"noopener\">Ver CV Completo<\/a><\/strong><\/p>\n<p style=\"text-align: right;\"><strong><a title=\"Junta de Profesores\" href=\"http:\/\/www.colef.mx\/deap\/?page_id=26\">Regresar al directorio JPDEAP<\/a><\/strong><\/p>\n","protected":false},"excerpt":{"rendered":"<p>Profesor &#8211; Investigador del Departamento de Estudios de Administraci\u00f3n P\u00fablica. Sede Monterrey, Nuevo Le\u00f3n. rubio@colef.mx Es economista por la UANL. Obtuvo su maestr\u00eda en Administraci\u00f3n P\u00fablica y Pol\u00edticas P\u00fablicas y el doctorado en Pol\u00edticas Publicas por el Tecnol\u00f3gico de Monterrey. Adem\u00e1s, cuenta con un curso ejecutivo sobre pol\u00edtica energ\u00e9tica en la Universidad de Harvard. Es [&hellip;]<\/p>\n","protected":false},"author":1,"featured_media":0,"parent":0,"menu_order":0,"comment_status":"closed","ping_status":"open","template":"","meta":{"footnotes":""},"class_list":["post-224","page","type-page","status-publish","hentry"],"_links":{"self":[{"href":"https:\/\/www.colef.mx\/deap\/index.php?rest_route=\/wp\/v2\/pages\/224","targetHints":{"allow":["GET"]}}],"collection":[{"href":"https:\/\/www.colef.mx\/deap\/index.php?rest_route=\/wp\/v2\/pages"}],"about":[{"href":"https:\/\/www.colef.mx\/deap\/index.php?rest_route=\/wp\/v2\/types\/page"}],"author":[{"embeddable":true,"href":"https:\/\/www.colef.mx\/deap\/index.php?rest_route=\/wp\/v2\/users\/1"}],"replies":[{"embeddable":true,"href":"https:\/\/www.colef.mx\/deap\/index.php?rest_route=%2Fwp%2Fv2%2Fcomments&post=224"}],"version-history":[{"count":15,"href":"https:\/\/www.colef.mx\/deap\/index.php?rest_route=\/wp\/v2\/pages\/224\/revisions"}],"predecessor-version":[{"id":1398,"href":"https:\/\/www.colef.mx\/deap\/index.php?rest_route=\/wp\/v2\/pages\/224\/revisions\/1398"}],"wp:attachment":[{"href":"https:\/\/www.colef.mx\/deap\/index.php?rest_route=%2Fwp%2Fv2%2Fmedia&parent=224"}],"curies":[{"name":"wp","href":"https:\/\/api.w.org\/{rel}","templated":true}]}}